{"id":492,"date":"2020-10-13T14:44:38","date_gmt":"2020-10-13T17:44:38","guid":{"rendered":"https:\/\/fnv.org.ar\/mirarengrande\/?page_id=492"},"modified":"2020-10-26T11:25:11","modified_gmt":"2020-10-26T14:25:11","slug":"home2","status":"publish","type":"page","link":"https:\/\/fnv.org.ar\/mirarengrande\/","title":{"rendered":"home2"},"content":{"rendered":"\t\t<div data-elementor-type=\"wp-page\" data-elementor-id=\"492\" class=\"elementor elementor-492\">\n\t\t\t\t\t\t<section class=\"elementor-section elementor-top-section elementor-element elementor-element-70881bf elementor-section-boxed elementor-section-height-default elementor-section-height-default\" data-id=\"70881bf\" data-element_type=\"section\" data-e-type=\"section\">\n\t\t\t\t\t\t<div class=\"elementor-container elementor-column-gap-default\">\n\t\t\t\t\t<div class=\"aux-parallax-section elementor-column elementor-col-50 elementor-top-column elementor-element elementor-element-ca6889f\" data-id=\"ca6889f\" data-element_type=\"column\" data-e-type=\"column\">\n\t\t\t<div class=\"elementor-widget-wrap elementor-element-populated\">\n\t\t\t\t\t\t<div class=\"elementor-element elementor-element-44a4b19 elementor-widget elementor-widget-image\" data-id=\"44a4b19\" data-element_type=\"widget\" data-e-type=\"widget\" data-widget_type=\"image.default\">\n\t\t\t\t<div class=\"elementor-widget-container\">\n\t\t\t\t\t\t\t\t\t\t\t\t\t\t\t<img fetchpriority=\"high\" decoding=\"async\" width=\"1024\" height=\"1024\" src=\"https:\/\/fnv.org.ar\/mirarengrande\/wp-content\/uploads\/2020\/10\/WhatsApp-Image-2020-10-16-at-13.37.01-1024x1024.jpeg\" class=\"attachment-large size-large wp-image-605\" alt=\"\" srcset=\"https:\/\/fnv.org.ar\/mirarengrande\/wp-content\/uploads\/2020\/10\/WhatsApp-Image-2020-10-16-at-13.37.01-1024x1024.jpeg 1024w, https:\/\/fnv.org.ar\/mirarengrande\/wp-content\/uploads\/2020\/10\/WhatsApp-Image-2020-10-16-at-13.37.01-300x300.jpeg 300w, https:\/\/fnv.org.ar\/mirarengrande\/wp-content\/uploads\/2020\/10\/WhatsApp-Image-2020-10-16-at-13.37.01-150x150.jpeg 150w, https:\/\/fnv.org.ar\/mirarengrande\/wp-content\/uploads\/2020\/10\/WhatsApp-Image-2020-10-16-at-13.37.01-768x768.jpeg 768w, https:\/\/fnv.org.ar\/mirarengrande\/wp-content\/uploads\/2020\/10\/WhatsApp-Image-2020-10-16-at-13.37.01.jpeg 1080w\" sizes=\"(max-width: 1024px) 100vw, 1024px\" \/>\t\t\t\t\t\t\t\t\t\t\t\t\t\t\t<\/div>\n\t\t\t\t<\/div>\n\t\t\t\t\t<\/div>\n\t\t<\/div>\n\t\t\t\t<div class=\"aux-parallax-section elementor-column elementor-col-50 elementor-top-column elementor-element elementor-element-441b371\" data-id=\"441b371\" data-element_type=\"column\" data-e-type=\"column\">\n\t\t\t<div class=\"elementor-widget-wrap elementor-element-populated\">\n\t\t\t\t\t\t<div class=\"elementor-element elementor-element-c91f002 elementor-widget elementor-widget-text-editor\" data-id=\"c91f002\" data-element_type=\"widget\" data-e-type=\"widget\" data-widget_type=\"text-editor.default\">\n\t\t\t\t<div class=\"elementor-widget-container\">\n\t\t\t\t\t\t\t\t\t<h5><b>MIRAR EN GRANDE <\/b><span style=\"font-weight: 400;\">es una muestra que re\u00fane 16 fotograf\u00edas que permite reflexionan sobre la necesidad de <\/span><span style=\"font-weight: 400;\">identificar im\u00e1genes que contribuyan a enriquecer la mirada de las distintas vejeces de nuestro pa\u00eds, que contribuyan a ir m\u00e1s all\u00e1 de los estereotipos y en las cuales las personas mayores sean protagonistas.<\/span><\/h5><p><span style=\"font-weight: 400;\">La exposici\u00f3n presencial se inaugur\u00f3 en octubre de 2019 y debido a las restricciones sanitarias que nos impidieron itinerar la muestra decidimos su pase a la virtualidad.<\/span><\/p><p><span style=\"font-weight: 400;\">A partir de hoy y en el mes de las personas mayores, te invitamos a recorrer <\/span><span style=\"font-weight: 400;\">la muestra fotogr\u00e1fica sin salir de casa, donde podr\u00e1s <\/span><span style=\"font-weight: 400;\">conocer las fotograf\u00edas ganadoras y menciones de honor del concurso fotogr\u00e1fico MIRAR EN GRANDE.<\/span><\/p>\t\t\t\t\t\t\t\t<\/div>\n\t\t\t\t<\/div>\n\t\t\t\t\t<\/div>\n\t\t<\/div>\n\t\t\t\t\t<\/div>\n\t\t<\/section>\n\t\t\t\t<section class=\"elementor-section elementor-top-section elementor-element elementor-element-f8f0c65 elementor-section-boxed elementor-section-height-default elementor-section-height-default\" data-id=\"f8f0c65\" data-element_type=\"section\" data-e-type=\"section\" id=\"galeria\">\n\t\t\t\t\t\t<div class=\"elementor-container elementor-column-gap-default\">\n\t\t\t\t\t<div class=\"aux-parallax-section elementor-column elementor-col-100 elementor-top-column elementor-element elementor-element-2d72db9\" data-id=\"2d72db9\" data-element_type=\"column\" data-e-type=\"column\">\n\t\t\t<div class=\"elementor-widget-wrap elementor-element-populated\">\n\t\t\t\t\t\t<div class=\"elementor-element elementor-element-01e55dd elementor-widget elementor-widget-aux_modern_heading\" data-id=\"01e55dd\" data-element_type=\"widget\" data-e-type=\"widget\" data-widget_type=\"aux_modern_heading.default\">\n\t\t\t\t<div class=\"elementor-widget-container\">\n\t\t\t\t\t<section class=\"aux-widget-modern-heading\">\n            <div class=\"aux-widget-inner\"><h1 class=\"aux-modern-heading-primary\">Muestra Virtual<\/h1><div class=\"aux-modern-heading-divider\"><\/div><\/div>\n        <\/section>\t\t\t\t<\/div>\n\t\t\t\t<\/div>\n\t\t\t\t\t<\/div>\n\t\t<\/div>\n\t\t\t\t\t<\/div>\n\t\t<\/section>\n\t\t\t\t<section class=\"elementor-section elementor-top-section elementor-element elementor-element-0239603 elementor-section-full_width elementor-section-stretched elementor-section-height-default elementor-section-height-default\" data-id=\"0239603\" data-element_type=\"section\" data-e-type=\"section\" data-settings=\"{&quot;stretch_section&quot;:&quot;section-stretched&quot;}\">\n\t\t\t\t\t\t<div class=\"elementor-container elementor-column-gap-default\">\n\t\t\t\t\t<div class=\"aux-parallax-section elementor-column elementor-col-100 elementor-top-column elementor-element elementor-element-bec227e\" data-id=\"bec227e\" data-element_type=\"column\" data-e-type=\"column\">\n\t\t\t<div class=\"elementor-widget-wrap elementor-element-populated\">\n\t\t\t\t\t\t<div class=\"elementor-element elementor-element-40d437f elementor-widget elementor-widget-aux_recent_portfolios_masonry\" data-id=\"40d437f\" data-element_type=\"widget\" data-e-type=\"widget\" data-settings=\"{&quot;columns&quot;:&quot;3&quot;,&quot;columns_tablet&quot;:&quot;inherit&quot;,&quot;columns_mobile&quot;:&quot;1&quot;}\" data-widget_type=\"aux_recent_portfolios_masonry.default\">\n\t\t\t\t<div class=\"elementor-widget-container\">\n\t\t\t\t\t<section class=\"widget-container aux-widget-recent-portfolios aux-parent-auff3b6672\"><div class=\"aux-filters aux-togglable aux-slideup aux-center aux-isotope-filters\"><div class=\"aux-select-overlay\"><\/div><ul><li data-filter=\"all\" data-category-id=\"all\"><a href=\"#\"><span data-select=\"Todos\">Todos<\/span><\/a><\/li><li data-filter=\"aficionados\" data-category-id=\"19\" ><a href=\"#\"><span data-select=\"Categor\u00eda Aficionados\">Categor\u00eda Aficionados<\/span><\/a><\/li><li data-filter=\"profesional\" data-category-id=\"20\" ><a href=\"#\"><span data-select=\"Categor\u00eda Profesional\">Categor\u00eda Profesional<\/span><\/a><\/li><li data-filter=\"menciones\" data-category-id=\"18\" ><a href=\"#\"><span data-select=\"Menci\u00f3n de honor\">Menci\u00f3n de honor<\/span><\/a><\/li><\/ul><\/div><div id=\"69f709ef7626a\" data-element-id=\"auff3b6672\" class=\"aux-portfolio-columns aux-ajax-view aux-isotope-animated aux-isotope-layout aux-layout-grid aux-no-gutter aux-row aux-de-col3 aux-tb-col3 aux-mb-col1 aux-lightbox-gallery\" data-lazyload=\"true\" data-space=\"0\" data-pagination=\"false\" data-deeplink=\"true\" data-slug=\"\" data-perpage=\"\" data-layout=\"masonry\" data-reveal-transition-duration=\"600\" data-reveal-between-delay=\"60\" data-hide-transition-duration=\"600\" data-hide-between-delay=\"30\" data-num=\"16\" data-order=\"ASC\" data-orderby=\"date\" data-taxonomy=\"portfolio-filter\" data-n=\"72b31c0c06\"><div class=\"aux-items-loading aux-loading-hide\"><div class=\"aux-loading-loop\"><svg class=\"aux-circle\" width=\"100%\" height=\"100%\" viewBox=\"0 0 42 42\"><circle class=\"aux-stroke-bg\" r=\"20\" cx=\"21\" cy=\"21\" fill=\"none\"><\/circle><circle class=\"aux-progress\" r=\"20\" cx=\"21\" cy=\"21\" fill=\"none\" transform=\"rotate(-90 21 21)\"><\/circle><\/svg><\/div><\/div><div class=\"aux-iso-item aux-loading aux-col profesional\">                         <article class=\"aux-item-overlay aux-hover-active aux-hover-twoway  post-99 portfolio type-portfolio status-publish has-post-thumbnail hentry portfolio-cat-concurso-2019 portfolio-tag-mirar-en-grande portfolio-filter-profesional\" >\n                                <div class=\"entry-media aux-frame-darken aux-frame-zoom \">\n                                    <div class=\"aux-media-frame aux-media-image\"><a href=\"https:\/\/fnv.org.ar\/mirarengrande\/portfolio\/sirena\/\"><img width=\"400\" class=\"aux-attachment aux-featured-image attachment-400x aux-attachment-id-724 \" alt=\"Sirena, pez, ni\u00f1a y agua | Carolina Cruz |  1\u00b0 premio: profesional\" data-original-w=\"720\" sizes=\"auto\" data-srcset=\"https:\/\/fnv.org.ar\/mirarengrande\/wp-content\/uploads\/2018\/04\/sirena-1-150x100.jpg 150w,https:\/\/fnv.org.ar\/mirarengrande\/wp-content\/uploads\/2018\/04\/sirena-1-300x200.jpg 300w,https:\/\/fnv.org.ar\/mirarengrande\/wp-content\/uploads\/2018\/04\/sirena-1-400x267.jpg 400w,https:\/\/fnv.org.ar\/mirarengrande\/wp-content\/uploads\/2018\/04\/sirena-1.jpg 720w\" data-src=\"https:\/\/fnv.org.ar\/mirarengrande\/wp-content\/uploads\/2018\/04\/sirena-1-400x267.jpg\" \/><\/a><\/div>                                <\/div>\n\n                                <div class=\"aux-overlay-content\">\n                                                                        <div class=\"aux-portfolio-overlay-buttons\">\n                                        <div class=\"aux-hover-circle-plus aux-delay-2x\">\n                                            <a href=\"https:\/\/fnv.org.ar\/mirarengrande\/wp-content\/uploads\/2018\/04\/sirena-1.jpg\" data-elementor-open-lightbox = \"no\" data-original-width = \"720\" data-original-height = \"480\" data-caption = \"Sirena, pez, ni\u00f1a y agua | Carolina Cruz |  1\u00b0 premio: profesional\" class=\"aux-lightbox-btn \" >\n                                                <div class=\"aux-arrow-nav aux-round aux-hover-slide aux-outline aux-semi-small aux-white\">\n                                                    <span class=\"aux-overlay\"><\/span>\n                                                    <span class=\"aux-svg-arrow aux-medium-plus aux-white\"><\/span>\n                                                    <span class=\"aux-hover-arrow aux-svg-arrow aux-medium-plus aux-black\"><\/span>\n                                                <\/div>\n                                            <\/a>\n                                        <\/div>\n                                        <div class=\"aux-arrow-post-link aux-hover-circle-link\">\n                                            <a href=\"https:\/\/fnv.org.ar\/mirarengrande\/portfolio\/sirena\/\">\n                                                <div class=\"aux-arrow-nav aux-round aux-hover-slide aux-outline aux-semi-small aux-white\">\n                                                    <span class=\"aux-overlay\"><\/span>\n                                                    <span class=\"aux-svg-arrow aux-medium-right aux-white\"><\/span>\n                                                    <span class=\"aux-hover-arrow aux-svg-arrow aux-medium-right aux-black\"><\/span>\n                                                <\/div>\n                                            <\/a>\n                                        <\/div>\n\n                                    <\/div>\n                                                                                                            <div class=\"entry-main\">\n\n                                                                        <header class=\"entry-header\">\n                                        <h3 class=\"entry-title aux-hover-move-up\">\n                                            <a href=\"https:\/\/fnv.org.ar\/mirarengrande\/portfolio\/sirena\/\">\n                                                Sirena, pez, ni\u00f1a y agua                                            <\/a>\n                                        <\/h3>\n                                    <\/header>\n                                                                                                                                                <\/div>\n                                                                <\/div>\n                        <\/article>\n<\/div><div class=\"aux-iso-item aux-loading aux-col profesional\">                         <article class=\"aux-item-overlay aux-hover-active aux-hover-twoway  post-98 portfolio type-portfolio status-publish has-post-thumbnail hentry portfolio-cat-concurso-2019 portfolio-tag-mirar-en-grande portfolio-filter-profesional\" >\n                                <div class=\"entry-media aux-frame-darken aux-frame-zoom \">\n                                    <div class=\"aux-media-frame aux-media-image\"><a href=\"https:\/\/fnv.org.ar\/mirarengrande\/portfolio\/femenino\/\"><img width=\"400\" class=\"aux-attachment aux-featured-image attachment-400x aux-attachment-id-726 \" alt=\"Pionera del f\u00fatbol femenino | Leonardo Gonz\u00e1lez | 2\u00b0 Premio: Profesional\" data-original-w=\"720\" sizes=\"auto\" data-srcset=\"https:\/\/fnv.org.ar\/mirarengrande\/wp-content\/uploads\/2020\/10\/pionera-150x110.jpg 150w,https:\/\/fnv.org.ar\/mirarengrande\/wp-content\/uploads\/2020\/10\/pionera-300x220.jpg 300w,https:\/\/fnv.org.ar\/mirarengrande\/wp-content\/uploads\/2020\/10\/pionera-400x293.jpg 400w,https:\/\/fnv.org.ar\/mirarengrande\/wp-content\/uploads\/2020\/10\/pionera.jpg 720w\" data-src=\"https:\/\/fnv.org.ar\/mirarengrande\/wp-content\/uploads\/2020\/10\/pionera-400x293.jpg\" \/><\/a><\/div>                                <\/div>\n\n                                <div class=\"aux-overlay-content\">\n                                                                        <div class=\"aux-portfolio-overlay-buttons\">\n                                        <div class=\"aux-hover-circle-plus aux-delay-2x\">\n                                            <a href=\"https:\/\/fnv.org.ar\/mirarengrande\/wp-content\/uploads\/2020\/10\/pionera.jpg\" data-elementor-open-lightbox = \"no\" data-original-width = \"720\" data-original-height = \"528\" data-caption = \"Pionera del f\u00fatbol femenino | Leonardo Gonz\u00e1lez | 2\u00b0 Premio: Profesional\" class=\"aux-lightbox-btn \" >\n                                                <div class=\"aux-arrow-nav aux-round aux-hover-slide aux-outline aux-semi-small aux-white\">\n                                                    <span class=\"aux-overlay\"><\/span>\n                                                    <span class=\"aux-svg-arrow aux-medium-plus aux-white\"><\/span>\n                                                    <span class=\"aux-hover-arrow aux-svg-arrow aux-medium-plus aux-black\"><\/span>\n                                                <\/div>\n                                            <\/a>\n                                        <\/div>\n                                        <div class=\"aux-arrow-post-link aux-hover-circle-link\">\n                                            <a href=\"https:\/\/fnv.org.ar\/mirarengrande\/portfolio\/femenino\/\">\n                                                <div class=\"aux-arrow-nav aux-round aux-hover-slide aux-outline aux-semi-small aux-white\">\n                                                    <span class=\"aux-overlay\"><\/span>\n                                                    <span class=\"aux-svg-arrow aux-medium-right aux-white\"><\/span>\n                                                    <span class=\"aux-hover-arrow aux-svg-arrow aux-medium-right aux-black\"><\/span>\n                                                <\/div>\n                                            <\/a>\n                                        <\/div>\n\n                                    <\/div>\n                                                                                                            <div class=\"entry-main\">\n\n                                                                        <header class=\"entry-header\">\n                                        <h3 class=\"entry-title aux-hover-move-up\">\n                                            <a href=\"https:\/\/fnv.org.ar\/mirarengrande\/portfolio\/femenino\/\">\n                                                Pionera del f\u00fatbol femenino                                            <\/a>\n                                        <\/h3>\n                                    <\/header>\n                                                                                                                                                <\/div>\n                                                                <\/div>\n                        <\/article>\n<\/div><div class=\"aux-iso-item aux-loading aux-col profesional\">                         <article class=\"aux-item-overlay aux-hover-active aux-hover-twoway  post-97 portfolio type-portfolio status-publish has-post-thumbnail hentry portfolio-cat-concurso-2019 portfolio-tag-mirar-en-grande portfolio-filter-profesional\" >\n                                <div class=\"entry-media aux-frame-darken aux-frame-zoom \">\n                                    <div class=\"aux-media-frame aux-media-image\"><a href=\"https:\/\/fnv.org.ar\/mirarengrande\/portfolio\/pajara\/\"><img width=\"400\" class=\"aux-attachment aux-featured-image attachment-400x aux-attachment-id-727 \" alt=\"P\u00e1jara vuela alto | Justina Chaia | 3\u00b0 premio: profesional\" data-original-w=\"720\" sizes=\"auto\" data-srcset=\"https:\/\/fnv.org.ar\/mirarengrande\/wp-content\/uploads\/2020\/10\/pajara-150x100.jpg 150w,https:\/\/fnv.org.ar\/mirarengrande\/wp-content\/uploads\/2020\/10\/pajara-300x200.jpg 300w,https:\/\/fnv.org.ar\/mirarengrande\/wp-content\/uploads\/2020\/10\/pajara-400x267.jpg 400w,https:\/\/fnv.org.ar\/mirarengrande\/wp-content\/uploads\/2020\/10\/pajara.jpg 720w\" data-src=\"https:\/\/fnv.org.ar\/mirarengrande\/wp-content\/uploads\/2020\/10\/pajara-400x267.jpg\" \/><\/a><\/div>                                <\/div>\n\n                                <div class=\"aux-overlay-content\">\n                                                                        <div class=\"aux-portfolio-overlay-buttons\">\n                                        <div class=\"aux-hover-circle-plus aux-delay-2x\">\n                                            <a href=\"https:\/\/fnv.org.ar\/mirarengrande\/wp-content\/uploads\/2020\/10\/pajara.jpg\" data-elementor-open-lightbox = \"no\" data-original-width = \"720\" data-original-height = \"480\" data-caption = \"P\u00e1jara vuela alto | Justina Chaia | 3\u00b0 premio: profesional\" class=\"aux-lightbox-btn \" >\n                                                <div class=\"aux-arrow-nav aux-round aux-hover-slide aux-outline aux-semi-small aux-white\">\n                                                    <span class=\"aux-overlay\"><\/span>\n                                                    <span class=\"aux-svg-arrow aux-medium-plus aux-white\"><\/span>\n                                                    <span class=\"aux-hover-arrow aux-svg-arrow aux-medium-plus aux-black\"><\/span>\n                                                <\/div>\n                                            <\/a>\n                                        <\/div>\n                                        <div class=\"aux-arrow-post-link aux-hover-circle-link\">\n                                            <a href=\"https:\/\/fnv.org.ar\/mirarengrande\/portfolio\/pajara\/\">\n                                                <div class=\"aux-arrow-nav aux-round aux-hover-slide aux-outline aux-semi-small aux-white\">\n                                                    <span class=\"aux-overlay\"><\/span>\n                                                    <span class=\"aux-svg-arrow aux-medium-right aux-white\"><\/span>\n                                                    <span class=\"aux-hover-arrow aux-svg-arrow aux-medium-right aux-black\"><\/span>\n                                                <\/div>\n                                            <\/a>\n                                        <\/div>\n\n                                    <\/div>\n                                                                                                            <div class=\"entry-main\">\n\n                                                                        <header class=\"entry-header\">\n                                        <h3 class=\"entry-title aux-hover-move-up\">\n                                            <a href=\"https:\/\/fnv.org.ar\/mirarengrande\/portfolio\/pajara\/\">\n                                                P\u00e1jara vuela alto                                            <\/a>\n                                        <\/h3>\n                                    <\/header>\n                                                                                                                                                <\/div>\n                                                                <\/div>\n                        <\/article>\n<\/div><div class=\"aux-iso-item aux-loading aux-col aficionados\">                         <article class=\"aux-item-overlay aux-hover-active aux-hover-twoway  post-96 portfolio type-portfolio status-publish has-post-thumbnail hentry portfolio-cat-concurso-2019 portfolio-tag-mirar-en-grande portfolio-filter-aficionados\" >\n                                <div class=\"entry-media aux-frame-darken aux-frame-zoom \">\n                                    <div class=\"aux-media-frame aux-media-image\"><a href=\"https:\/\/fnv.org.ar\/mirarengrande\/portfolio\/mipapa\/\"><img width=\"400\" class=\"aux-attachment aux-featured-image attachment-400x aux-attachment-id-728 \" alt=\"Mi pap\u00e1, el hombre ilustrado a sus 81 a\u00f1os | Luciana Acu\u00f1a | 1\u00b0 premio:  aficionados\" data-original-w=\"720\" sizes=\"auto\" data-srcset=\"https:\/\/fnv.org.ar\/mirarengrande\/wp-content\/uploads\/2020\/10\/81anos-150x102.jpg 150w,https:\/\/fnv.org.ar\/mirarengrande\/wp-content\/uploads\/2020\/10\/81anos-300x204.jpg 300w,https:\/\/fnv.org.ar\/mirarengrande\/wp-content\/uploads\/2020\/10\/81anos-400x272.jpg 400w,https:\/\/fnv.org.ar\/mirarengrande\/wp-content\/uploads\/2020\/10\/81anos.jpg 720w\" data-src=\"https:\/\/fnv.org.ar\/mirarengrande\/wp-content\/uploads\/2020\/10\/81anos-400x272.jpg\" \/><\/a><\/div>                                <\/div>\n\n                                <div class=\"aux-overlay-content\">\n                                                                        <div class=\"aux-portfolio-overlay-buttons\">\n                                        <div class=\"aux-hover-circle-plus aux-delay-2x\">\n                                            <a href=\"https:\/\/fnv.org.ar\/mirarengrande\/wp-content\/uploads\/2020\/10\/81anos.jpg\" data-elementor-open-lightbox = \"no\" data-original-width = \"720\" data-original-height = \"489\" data-caption = \"Mi pap\u00e1, el hombre ilustrado a sus 81 a\u00f1os | Luciana Acu\u00f1a | 1\u00b0 premio:  aficionados\" class=\"aux-lightbox-btn \" >\n                                                <div class=\"aux-arrow-nav aux-round aux-hover-slide aux-outline aux-semi-small aux-white\">\n                                                    <span class=\"aux-overlay\"><\/span>\n                                                    <span class=\"aux-svg-arrow aux-medium-plus aux-white\"><\/span>\n                                                    <span class=\"aux-hover-arrow aux-svg-arrow aux-medium-plus aux-black\"><\/span>\n                                                <\/div>\n                                            <\/a>\n                                        <\/div>\n                                        <div class=\"aux-arrow-post-link aux-hover-circle-link\">\n                                            <a href=\"https:\/\/fnv.org.ar\/mirarengrande\/portfolio\/mipapa\/\">\n                                                <div class=\"aux-arrow-nav aux-round aux-hover-slide aux-outline aux-semi-small aux-white\">\n                                                    <span class=\"aux-overlay\"><\/span>\n                                                    <span class=\"aux-svg-arrow aux-medium-right aux-white\"><\/span>\n                                                    <span class=\"aux-hover-arrow aux-svg-arrow aux-medium-right aux-black\"><\/span>\n                                                <\/div>\n                                            <\/a>\n                                        <\/div>\n\n                                    <\/div>\n                                                                                                            <div class=\"entry-main\">\n\n                                                                        <header class=\"entry-header\">\n                                        <h3 class=\"entry-title aux-hover-move-up\">\n                                            <a href=\"https:\/\/fnv.org.ar\/mirarengrande\/portfolio\/mipapa\/\">\n                                                Mi pap\u00e1, el hombre ilustrado a sus 81 a\u00f1os                                            <\/a>\n                                        <\/h3>\n                                    <\/header>\n                                                                                                                                                <\/div>\n                                                                <\/div>\n                        <\/article>\n<\/div><div class=\"aux-iso-item aux-loading aux-col aficionados\">                         <article class=\"aux-item-overlay aux-hover-active aux-hover-twoway  post-95 portfolio type-portfolio status-publish has-post-thumbnail hentry portfolio-cat-concurso-2019 portfolio-tag-mirar-en-grande portfolio-filter-aficionados\" >\n                                <div class=\"entry-media aux-frame-darken aux-frame-zoom \">\n                                    <div class=\"aux-media-frame aux-media-image\"><a href=\"https:\/\/fnv.org.ar\/mirarengrande\/portfolio\/cecilia\/\"><img width=\"400\" class=\"aux-attachment aux-featured-image attachment-400x aux-attachment-id-729 \" alt=\"Cecilia | Sandy Gutkowski | 2\u00b0 Premio: Aficionados\" data-original-w=\"720\" sizes=\"auto\" data-srcset=\"https:\/\/fnv.org.ar\/mirarengrande\/wp-content\/uploads\/2020\/10\/cecilia-113x150.jpg 150w,https:\/\/fnv.org.ar\/mirarengrande\/wp-content\/uploads\/2020\/10\/cecilia-225x300.jpg 300w,https:\/\/fnv.org.ar\/mirarengrande\/wp-content\/uploads\/2020\/10\/cecilia-400x533.jpg 400w,https:\/\/fnv.org.ar\/mirarengrande\/wp-content\/uploads\/2020\/10\/cecilia.jpg 720w\" data-src=\"https:\/\/fnv.org.ar\/mirarengrande\/wp-content\/uploads\/2020\/10\/cecilia-400x533.jpg\" \/><\/a><\/div>                                <\/div>\n\n                                <div class=\"aux-overlay-content\">\n                                                                        <div class=\"aux-portfolio-overlay-buttons\">\n                                        <div class=\"aux-hover-circle-plus aux-delay-2x\">\n                                            <a href=\"https:\/\/fnv.org.ar\/mirarengrande\/wp-content\/uploads\/2020\/10\/cecilia.jpg\" data-elementor-open-lightbox = \"no\" data-original-width = \"720\" data-original-height = \"960\" data-caption = \"Cecilia | Sandy Gutkowski | 2\u00b0 Premio: Aficionados\" class=\"aux-lightbox-btn \" >\n                                                <div class=\"aux-arrow-nav aux-round aux-hover-slide aux-outline aux-semi-small aux-white\">\n                                                    <span class=\"aux-overlay\"><\/span>\n                                                    <span class=\"aux-svg-arrow aux-medium-plus aux-white\"><\/span>\n                                                    <span class=\"aux-hover-arrow aux-svg-arrow aux-medium-plus aux-black\"><\/span>\n                                                <\/div>\n                                            <\/a>\n                                        <\/div>\n                                        <div class=\"aux-arrow-post-link aux-hover-circle-link\">\n                                            <a href=\"https:\/\/fnv.org.ar\/mirarengrande\/portfolio\/cecilia\/\">\n                                                <div class=\"aux-arrow-nav aux-round aux-hover-slide aux-outline aux-semi-small aux-white\">\n                                                    <span class=\"aux-overlay\"><\/span>\n                                                    <span class=\"aux-svg-arrow aux-medium-right aux-white\"><\/span>\n                                                    <span class=\"aux-hover-arrow aux-svg-arrow aux-medium-right aux-black\"><\/span>\n                                                <\/div>\n                                            <\/a>\n                                        <\/div>\n\n                                    <\/div>\n                                                                                                            <div class=\"entry-main\">\n\n                                                                        <header class=\"entry-header\">\n                                        <h3 class=\"entry-title aux-hover-move-up\">\n                                            <a href=\"https:\/\/fnv.org.ar\/mirarengrande\/portfolio\/cecilia\/\">\n                                                Cecilia                                            <\/a>\n                                        <\/h3>\n                                    <\/header>\n                                                                                                                                                <\/div>\n                                                                <\/div>\n                        <\/article>\n<\/div><div class=\"aux-iso-item aux-loading aux-col aficionados\">                         <article class=\"aux-item-overlay aux-hover-active aux-hover-twoway  post-94 portfolio type-portfolio status-publish has-post-thumbnail hentry portfolio-cat-concurso-2019 portfolio-tag-mirar-en-grande portfolio-filter-aficionados\" >\n                                <div class=\"entry-media aux-frame-darken aux-frame-zoom \">\n                                    <div class=\"aux-media-frame aux-media-image\"><a href=\"https:\/\/fnv.org.ar\/mirarengrande\/portfolio\/fortaleza\/\"><img width=\"400\" class=\"aux-attachment aux-featured-image attachment-400x aux-attachment-id-730 \" alt=\"Fortaleza | Diego Oyola | 3\u00b0 Premio: aficionados\" data-original-w=\"720\" sizes=\"auto\" data-srcset=\"https:\/\/fnv.org.ar\/mirarengrande\/wp-content\/uploads\/2020\/10\/fortaleza-102x150.jpg 150w,https:\/\/fnv.org.ar\/mirarengrande\/wp-content\/uploads\/2020\/10\/fortaleza-203x300.jpg 300w,https:\/\/fnv.org.ar\/mirarengrande\/wp-content\/uploads\/2020\/10\/fortaleza-400x591.jpg 400w,https:\/\/fnv.org.ar\/mirarengrande\/wp-content\/uploads\/2020\/10\/fortaleza.jpg 720w\" data-src=\"https:\/\/fnv.org.ar\/mirarengrande\/wp-content\/uploads\/2020\/10\/fortaleza-400x591.jpg\" \/><\/a><\/div>                                <\/div>\n\n                                <div class=\"aux-overlay-content\">\n                                                                        <div class=\"aux-portfolio-overlay-buttons\">\n                                        <div class=\"aux-hover-circle-plus aux-delay-2x\">\n                                            <a href=\"https:\/\/fnv.org.ar\/mirarengrande\/wp-content\/uploads\/2020\/10\/fortaleza.jpg\" data-elementor-open-lightbox = \"no\" data-original-width = \"720\" data-original-height = \"1064\" data-caption = \"Fortaleza | Diego Oyola | 3\u00b0 Premio: aficionados\" class=\"aux-lightbox-btn \" >\n                                                <div class=\"aux-arrow-nav aux-round aux-hover-slide aux-outline aux-semi-small aux-white\">\n                                                    <span class=\"aux-overlay\"><\/span>\n                                                    <span class=\"aux-svg-arrow aux-medium-plus aux-white\"><\/span>\n                                                    <span class=\"aux-hover-arrow aux-svg-arrow aux-medium-plus aux-black\"><\/span>\n                                                <\/div>\n                                            <\/a>\n                                        <\/div>\n                                        <div class=\"aux-arrow-post-link aux-hover-circle-link\">\n                                            <a href=\"https:\/\/fnv.org.ar\/mirarengrande\/portfolio\/fortaleza\/\">\n                                                <div class=\"aux-arrow-nav aux-round aux-hover-slide aux-outline aux-semi-small aux-white\">\n                                                    <span class=\"aux-overlay\"><\/span>\n                                                    <span class=\"aux-svg-arrow aux-medium-right aux-white\"><\/span>\n                                                    <span class=\"aux-hover-arrow aux-svg-arrow aux-medium-right aux-black\"><\/span>\n                                                <\/div>\n                                            <\/a>\n                                        <\/div>\n\n                                    <\/div>\n                                                                                                            <div class=\"entry-main\">\n\n                                                                        <header class=\"entry-header\">\n                                        <h3 class=\"entry-title aux-hover-move-up\">\n                                            <a href=\"https:\/\/fnv.org.ar\/mirarengrande\/portfolio\/fortaleza\/\">\n                                                Fortaleza                                            <\/a>\n                                        <\/h3>\n                                    <\/header>\n                                                                                                                                                <\/div>\n                                                                <\/div>\n                        <\/article>\n<\/div><div class=\"aux-iso-item aux-loading aux-col menciones\">                         <article class=\"aux-item-overlay aux-hover-active aux-hover-twoway  post-93 portfolio type-portfolio status-publish has-post-thumbnail hentry portfolio-cat-concurso-2019 portfolio-tag-mirar-en-grande portfolio-filter-menciones\" >\n                                <div class=\"entry-media aux-frame-darken aux-frame-zoom \">\n                                    <div class=\"aux-media-frame aux-media-image\"><a href=\"https:\/\/fnv.org.ar\/mirarengrande\/portfolio\/mapuche\/\"><img width=\"400\" class=\"aux-attachment aux-featured-image attachment-400x aux-attachment-id-731 \" alt=\"Mujer mapuche | Erica Voget | Menci\u00f3n de honor\" data-original-w=\"720\" sizes=\"auto\" data-srcset=\"https:\/\/fnv.org.ar\/mirarengrande\/wp-content\/uploads\/2020\/10\/mapuche-150x101.jpg 150w,https:\/\/fnv.org.ar\/mirarengrande\/wp-content\/uploads\/2020\/10\/mapuche-300x203.jpg 300w,https:\/\/fnv.org.ar\/mirarengrande\/wp-content\/uploads\/2020\/10\/mapuche-400x271.jpg 400w,https:\/\/fnv.org.ar\/mirarengrande\/wp-content\/uploads\/2020\/10\/mapuche.jpg 720w\" data-src=\"https:\/\/fnv.org.ar\/mirarengrande\/wp-content\/uploads\/2020\/10\/mapuche-400x271.jpg\" \/><\/a><\/div>                                <\/div>\n\n                                <div class=\"aux-overlay-content\">\n                                                                        <div class=\"aux-portfolio-overlay-buttons\">\n                                        <div class=\"aux-hover-circle-plus aux-delay-2x\">\n                                            <a href=\"https:\/\/fnv.org.ar\/mirarengrande\/wp-content\/uploads\/2020\/10\/mapuche.jpg\" data-elementor-open-lightbox = \"no\" data-original-width = \"720\" data-original-height = \"487\" data-caption = \"Mujer mapuche | Erica Voget | Menci\u00f3n de honor\" class=\"aux-lightbox-btn \" >\n                                                <div class=\"aux-arrow-nav aux-round aux-hover-slide aux-outline aux-semi-small aux-white\">\n                                                    <span class=\"aux-overlay\"><\/span>\n                                                    <span class=\"aux-svg-arrow aux-medium-plus aux-white\"><\/span>\n                                                    <span class=\"aux-hover-arrow aux-svg-arrow aux-medium-plus aux-black\"><\/span>\n                                                <\/div>\n                                            <\/a>\n                                        <\/div>\n                                        <div class=\"aux-arrow-post-link aux-hover-circle-link\">\n                                            <a href=\"https:\/\/fnv.org.ar\/mirarengrande\/portfolio\/mapuche\/\">\n                                                <div class=\"aux-arrow-nav aux-round aux-hover-slide aux-outline aux-semi-small aux-white\">\n                                                    <span class=\"aux-overlay\"><\/span>\n                                                    <span class=\"aux-svg-arrow aux-medium-right aux-white\"><\/span>\n                                                    <span class=\"aux-hover-arrow aux-svg-arrow aux-medium-right aux-black\"><\/span>\n                                                <\/div>\n                                            <\/a>\n                                        <\/div>\n\n                                    <\/div>\n                                                                                                            <div class=\"entry-main\">\n\n                                                                        <header class=\"entry-header\">\n                                        <h3 class=\"entry-title aux-hover-move-up\">\n                                            <a href=\"https:\/\/fnv.org.ar\/mirarengrande\/portfolio\/mapuche\/\">\n                                                Mujer mapuche                                            <\/a>\n                                        <\/h3>\n                                    <\/header>\n                                                                                                                                                <\/div>\n                                                                <\/div>\n                        <\/article>\n<\/div><div class=\"aux-iso-item aux-loading aux-col menciones\">                         <article class=\"aux-item-overlay aux-hover-active aux-hover-twoway  post-92 portfolio type-portfolio status-publish has-post-thumbnail hentry portfolio-cat-concurso-2019 portfolio-tag-mirar-en-grande portfolio-filter-menciones\" >\n                                <div class=\"entry-media aux-frame-darken aux-frame-zoom \">\n                                    <div class=\"aux-media-frame aux-media-image\"><a href=\"https:\/\/fnv.org.ar\/mirarengrande\/portfolio\/wachs\/\"><img width=\"400\" class=\"aux-attachment aux-featured-image attachment-400x aux-attachment-id-732 \" alt=\"Don Efrain Wachs |  \nMario Fiorucci | Menci\u00f3n de honor\" data-original-w=\"720\" sizes=\"auto\" data-srcset=\"https:\/\/fnv.org.ar\/mirarengrande\/wp-content\/uploads\/2020\/10\/don-efrain-wachs-150x101.jpg 150w,https:\/\/fnv.org.ar\/mirarengrande\/wp-content\/uploads\/2020\/10\/don-efrain-wachs-300x202.jpg 300w,https:\/\/fnv.org.ar\/mirarengrande\/wp-content\/uploads\/2020\/10\/don-efrain-wachs-400x269.jpg 400w,https:\/\/fnv.org.ar\/mirarengrande\/wp-content\/uploads\/2020\/10\/don-efrain-wachs.jpg 720w\" data-src=\"https:\/\/fnv.org.ar\/mirarengrande\/wp-content\/uploads\/2020\/10\/don-efrain-wachs-400x269.jpg\" \/><\/a><\/div>                                <\/div>\n\n                                <div class=\"aux-overlay-content\">\n                                                                        <div class=\"aux-portfolio-overlay-buttons\">\n                                        <div class=\"aux-hover-circle-plus aux-delay-2x\">\n                                            <a href=\"https:\/\/fnv.org.ar\/mirarengrande\/wp-content\/uploads\/2020\/10\/don-efrain-wachs.jpg\" data-elementor-open-lightbox = \"no\" data-original-width = \"720\" data-original-height = \"484\" data-caption = \"Don Efrain Wachs |  \nMario Fiorucci | Menci\u00f3n de honor\" class=\"aux-lightbox-btn \" >\n                                                <div class=\"aux-arrow-nav aux-round aux-hover-slide aux-outline aux-semi-small aux-white\">\n                                                    <span class=\"aux-overlay\"><\/span>\n                                                    <span class=\"aux-svg-arrow aux-medium-plus aux-white\"><\/span>\n                                                    <span class=\"aux-hover-arrow aux-svg-arrow aux-medium-plus aux-black\"><\/span>\n                                                <\/div>\n                                            <\/a>\n                                        <\/div>\n                                        <div class=\"aux-arrow-post-link aux-hover-circle-link\">\n                                            <a href=\"https:\/\/fnv.org.ar\/mirarengrande\/portfolio\/wachs\/\">\n                                                <div class=\"aux-arrow-nav aux-round aux-hover-slide aux-outline aux-semi-small aux-white\">\n                                                    <span class=\"aux-overlay\"><\/span>\n                                                    <span class=\"aux-svg-arrow aux-medium-right aux-white\"><\/span>\n                                                    <span class=\"aux-hover-arrow aux-svg-arrow aux-medium-right aux-black\"><\/span>\n                                                <\/div>\n                                            <\/a>\n                                        <\/div>\n\n                                    <\/div>\n                                                                                                            <div class=\"entry-main\">\n\n                                                                        <header class=\"entry-header\">\n                                        <h3 class=\"entry-title aux-hover-move-up\">\n                                            <a href=\"https:\/\/fnv.org.ar\/mirarengrande\/portfolio\/wachs\/\">\n                                                Don Efrain Wachs                                            <\/a>\n                                        <\/h3>\n                                    <\/header>\n                                                                                                                                                <\/div>\n                                                                <\/div>\n                        <\/article>\n<\/div><div class=\"aux-iso-item aux-loading aux-col menciones\">                         <article class=\"aux-item-overlay aux-hover-active aux-hover-twoway  post-91 portfolio type-portfolio status-publish has-post-thumbnail hentry portfolio-cat-concurso-2019 portfolio-tag-mirar-en-grande portfolio-filter-menciones\" >\n                                <div class=\"entry-media aux-frame-darken aux-frame-zoom \">\n                                    <div class=\"aux-media-frame aux-media-image\"><a href=\"https:\/\/fnv.org.ar\/mirarengrande\/portfolio\/medicos\/\"><img width=\"400\" class=\"aux-attachment aux-featured-image attachment-400x aux-attachment-id-733 \" alt=\"Los m\u00e9dicos | Daniela Amin | Menci\u00f3n de honor\" data-original-w=\"720\" sizes=\"auto\" data-srcset=\"https:\/\/fnv.org.ar\/mirarengrande\/wp-content\/uploads\/2020\/10\/medicos-120x150.jpg 150w,https:\/\/fnv.org.ar\/mirarengrande\/wp-content\/uploads\/2020\/10\/medicos-239x300.jpg 300w,https:\/\/fnv.org.ar\/mirarengrande\/wp-content\/uploads\/2020\/10\/medicos-400x502.jpg 400w,https:\/\/fnv.org.ar\/mirarengrande\/wp-content\/uploads\/2020\/10\/medicos.jpg 720w\" data-src=\"https:\/\/fnv.org.ar\/mirarengrande\/wp-content\/uploads\/2020\/10\/medicos-400x502.jpg\" \/><\/a><\/div>                                <\/div>\n\n                                <div class=\"aux-overlay-content\">\n                                                                        <div class=\"aux-portfolio-overlay-buttons\">\n                                        <div class=\"aux-hover-circle-plus aux-delay-2x\">\n                                            <a href=\"https:\/\/fnv.org.ar\/mirarengrande\/wp-content\/uploads\/2020\/10\/medicos.jpg\" data-elementor-open-lightbox = \"no\" data-original-width = \"720\" data-original-height = \"903\" data-caption = \"Los m\u00e9dicos | Daniela Amin | Menci\u00f3n de honor\" class=\"aux-lightbox-btn \" >\n                                                <div class=\"aux-arrow-nav aux-round aux-hover-slide aux-outline aux-semi-small aux-white\">\n                                                    <span class=\"aux-overlay\"><\/span>\n                                                    <span class=\"aux-svg-arrow aux-medium-plus aux-white\"><\/span>\n                                                    <span class=\"aux-hover-arrow aux-svg-arrow aux-medium-plus aux-black\"><\/span>\n                                                <\/div>\n                                            <\/a>\n                                        <\/div>\n                                        <div class=\"aux-arrow-post-link aux-hover-circle-link\">\n                                            <a href=\"https:\/\/fnv.org.ar\/mirarengrande\/portfolio\/medicos\/\">\n                                                <div class=\"aux-arrow-nav aux-round aux-hover-slide aux-outline aux-semi-small aux-white\">\n                                                    <span class=\"aux-overlay\"><\/span>\n                                                    <span class=\"aux-svg-arrow aux-medium-right aux-white\"><\/span>\n                                                    <span class=\"aux-hover-arrow aux-svg-arrow aux-medium-right aux-black\"><\/span>\n                                                <\/div>\n                                            <\/a>\n                                        <\/div>\n\n                                    <\/div>\n                                                                                                            <div class=\"entry-main\">\n\n                                                                        <header class=\"entry-header\">\n                                        <h3 class=\"entry-title aux-hover-move-up\">\n                                            <a href=\"https:\/\/fnv.org.ar\/mirarengrande\/portfolio\/medicos\/\">\n                                                Los m\u00e9dicos                                            <\/a>\n                                        <\/h3>\n                                    <\/header>\n                                                                                                                                                <\/div>\n                                                                <\/div>\n                        <\/article>\n<\/div><div class=\"aux-iso-item aux-loading aux-col menciones\">                         <article class=\"aux-item-overlay aux-hover-active aux-hover-twoway  post-90 portfolio type-portfolio status-publish has-post-thumbnail hentry portfolio-cat-concurso-2019 portfolio-tag-mirar-en-grande portfolio-filter-menciones\" >\n                                <div class=\"entry-media aux-frame-darken aux-frame-zoom \">\n                                    <div class=\"aux-media-frame aux-media-image\"><a href=\"https:\/\/fnv.org.ar\/mirarengrande\/portfolio\/abuela\/\"><img width=\"400\" class=\"aux-attachment aux-featured-image attachment-400x aux-attachment-id-722 \" alt=\"Las ense\u00f1anzas de la abuela | Rub\u00e9n Anton\u00edn |  Menci\u00f3n de honor\" data-original-w=\"720\" sizes=\"auto\" data-srcset=\"https:\/\/fnv.org.ar\/mirarengrande\/wp-content\/uploads\/2018\/04\/abuela-1-150x100.jpg 150w,https:\/\/fnv.org.ar\/mirarengrande\/wp-content\/uploads\/2018\/04\/abuela-1-300x200.jpg 300w,https:\/\/fnv.org.ar\/mirarengrande\/wp-content\/uploads\/2018\/04\/abuela-1-400x267.jpg 400w,https:\/\/fnv.org.ar\/mirarengrande\/wp-content\/uploads\/2018\/04\/abuela-1.jpg 720w\" data-src=\"https:\/\/fnv.org.ar\/mirarengrande\/wp-content\/uploads\/2018\/04\/abuela-1-400x267.jpg\" \/><\/a><\/div>                                <\/div>\n\n                                <div class=\"aux-overlay-content\">\n                                                                        <div class=\"aux-portfolio-overlay-buttons\">\n                                        <div class=\"aux-hover-circle-plus aux-delay-2x\">\n                                            <a href=\"https:\/\/fnv.org.ar\/mirarengrande\/wp-content\/uploads\/2018\/04\/abuela-1.jpg\" data-elementor-open-lightbox = \"no\" data-original-width = \"720\" data-original-height = \"480\" data-caption = \"Las ense\u00f1anzas de la abuela | Rub\u00e9n Anton\u00edn |  Menci\u00f3n de honor\" class=\"aux-lightbox-btn \" >\n                                                <div class=\"aux-arrow-nav aux-round aux-hover-slide aux-outline aux-semi-small aux-white\">\n                                                    <span class=\"aux-overlay\"><\/span>\n                                                    <span class=\"aux-svg-arrow aux-medium-plus aux-white\"><\/span>\n                                                    <span class=\"aux-hover-arrow aux-svg-arrow aux-medium-plus aux-black\"><\/span>\n                                                <\/div>\n                                            <\/a>\n                                        <\/div>\n                                        <div class=\"aux-arrow-post-link aux-hover-circle-link\">\n                                            <a href=\"https:\/\/fnv.org.ar\/mirarengrande\/portfolio\/abuela\/\">\n                                                <div class=\"aux-arrow-nav aux-round aux-hover-slide aux-outline aux-semi-small aux-white\">\n                                                    <span class=\"aux-overlay\"><\/span>\n                                                    <span class=\"aux-svg-arrow aux-medium-right aux-white\"><\/span>\n                                                    <span class=\"aux-hover-arrow aux-svg-arrow aux-medium-right aux-black\"><\/span>\n                                                <\/div>\n                                            <\/a>\n                                        <\/div>\n\n                                    <\/div>\n                                                                                                            <div class=\"entry-main\">\n\n                                                                        <header class=\"entry-header\">\n                                        <h3 class=\"entry-title aux-hover-move-up\">\n                                            <a href=\"https:\/\/fnv.org.ar\/mirarengrande\/portfolio\/abuela\/\">\n                                                Las ense\u00f1anzas de la abuela                                            <\/a>\n                                        <\/h3>\n                                    <\/header>\n                                                                                                                                                <\/div>\n                                                                <\/div>\n                        <\/article>\n<\/div><div class=\"aux-iso-item aux-loading aux-col menciones\">                         <article class=\"aux-item-overlay aux-hover-active aux-hover-twoway  post-89 portfolio type-portfolio status-publish has-post-thumbnail hentry portfolio-cat-concurso-2019 portfolio-tag-mirar-en-grande portfolio-filter-menciones\" >\n                                <div class=\"entry-media aux-frame-darken aux-frame-zoom \">\n                                    <div class=\"aux-media-frame aux-media-image\"><a href=\"https:\/\/fnv.org.ar\/mirarengrande\/portfolio\/amistades\/\"><img width=\"400\" class=\"aux-attachment aux-featured-image attachment-400x aux-attachment-id-734 \" alt=\"Nuevas amistades | Ana Gonzalez | Menci\u00f3n de honor\" data-original-w=\"720\" sizes=\"auto\" data-srcset=\"https:\/\/fnv.org.ar\/mirarengrande\/wp-content\/uploads\/2020\/10\/nuevas-150x100.jpg 150w,https:\/\/fnv.org.ar\/mirarengrande\/wp-content\/uploads\/2020\/10\/nuevas-300x200.jpg 300w,https:\/\/fnv.org.ar\/mirarengrande\/wp-content\/uploads\/2020\/10\/nuevas-400x267.jpg 400w,https:\/\/fnv.org.ar\/mirarengrande\/wp-content\/uploads\/2020\/10\/nuevas.jpg 720w\" data-src=\"https:\/\/fnv.org.ar\/mirarengrande\/wp-content\/uploads\/2020\/10\/nuevas-400x267.jpg\" \/><\/a><\/div>                                <\/div>\n\n                                <div class=\"aux-overlay-content\">\n                                                                        <div class=\"aux-portfolio-overlay-buttons\">\n                                        <div class=\"aux-hover-circle-plus aux-delay-2x\">\n                                            <a href=\"https:\/\/fnv.org.ar\/mirarengrande\/wp-content\/uploads\/2020\/10\/nuevas.jpg\" data-elementor-open-lightbox = \"no\" data-original-width = \"720\" data-original-height = \"481\" data-caption = \"Nuevas amistades | Ana Gonzalez | Menci\u00f3n de honor\" class=\"aux-lightbox-btn \" >\n                                                <div class=\"aux-arrow-nav aux-round aux-hover-slide aux-outline aux-semi-small aux-white\">\n                                                    <span class=\"aux-overlay\"><\/span>\n                                                    <span class=\"aux-svg-arrow aux-medium-plus aux-white\"><\/span>\n                                                    <span class=\"aux-hover-arrow aux-svg-arrow aux-medium-plus aux-black\"><\/span>\n                                                <\/div>\n                                            <\/a>\n                                        <\/div>\n                                        <div class=\"aux-arrow-post-link aux-hover-circle-link\">\n                                            <a href=\"https:\/\/fnv.org.ar\/mirarengrande\/portfolio\/amistades\/\">\n                                                <div class=\"aux-arrow-nav aux-round aux-hover-slide aux-outline aux-semi-small aux-white\">\n                                                    <span class=\"aux-overlay\"><\/span>\n                                                    <span class=\"aux-svg-arrow aux-medium-right aux-white\"><\/span>\n                                                    <span class=\"aux-hover-arrow aux-svg-arrow aux-medium-right aux-black\"><\/span>\n                                                <\/div>\n                                            <\/a>\n                                        <\/div>\n\n                                    <\/div>\n                                                                                                            <div class=\"entry-main\">\n\n                                                                        <header class=\"entry-header\">\n                                        <h3 class=\"entry-title aux-hover-move-up\">\n                                            <a href=\"https:\/\/fnv.org.ar\/mirarengrande\/portfolio\/amistades\/\">\n                                                Nuevas amistades                                            <\/a>\n                                        <\/h3>\n                                    <\/header>\n                                                                                                                                                <\/div>\n                                                                <\/div>\n                        <\/article>\n<\/div><div class=\"aux-iso-item aux-loading aux-col menciones\">                         <article class=\"aux-item-overlay aux-hover-active aux-hover-twoway  post-88 portfolio type-portfolio status-publish has-post-thumbnail hentry portfolio-cat-concurso-2019 portfolio-tag-mirar-en-grande portfolio-filter-menciones\" >\n                                <div class=\"entry-media aux-frame-darken aux-frame-zoom \">\n                                    <div class=\"aux-media-frame aux-media-image\"><a href=\"https:\/\/fnv.org.ar\/mirarengrande\/portfolio\/equipo\/\"><img width=\"400\" class=\"aux-attachment aux-featured-image attachment-400x aux-attachment-id-735 \" alt=\"Equipo de nataci\u00f3n | Ana Laura Ruiz | Menci\u00f3n de honor\" data-original-w=\"720\" sizes=\"auto\" data-srcset=\"https:\/\/fnv.org.ar\/mirarengrande\/wp-content\/uploads\/2020\/10\/equipo-150x108.jpg 150w,https:\/\/fnv.org.ar\/mirarengrande\/wp-content\/uploads\/2020\/10\/equipo-300x215.jpg 300w,https:\/\/fnv.org.ar\/mirarengrande\/wp-content\/uploads\/2020\/10\/equipo-400x287.jpg 400w,https:\/\/fnv.org.ar\/mirarengrande\/wp-content\/uploads\/2020\/10\/equipo.jpg 720w\" data-src=\"https:\/\/fnv.org.ar\/mirarengrande\/wp-content\/uploads\/2020\/10\/equipo-400x287.jpg\" \/><\/a><\/div>                                <\/div>\n\n                                <div class=\"aux-overlay-content\">\n                                                                        <div class=\"aux-portfolio-overlay-buttons\">\n                                        <div class=\"aux-hover-circle-plus aux-delay-2x\">\n                                            <a href=\"https:\/\/fnv.org.ar\/mirarengrande\/wp-content\/uploads\/2020\/10\/equipo.jpg\" data-elementor-open-lightbox = \"no\" data-original-width = \"720\" data-original-height = \"517\" data-caption = \"Equipo de nataci\u00f3n | Ana Laura Ruiz | Menci\u00f3n de honor\" class=\"aux-lightbox-btn \" >\n                                                <div class=\"aux-arrow-nav aux-round aux-hover-slide aux-outline aux-semi-small aux-white\">\n                                                    <span class=\"aux-overlay\"><\/span>\n                                                    <span class=\"aux-svg-arrow aux-medium-plus aux-white\"><\/span>\n                                                    <span class=\"aux-hover-arrow aux-svg-arrow aux-medium-plus aux-black\"><\/span>\n                                                <\/div>\n                                            <\/a>\n                                        <\/div>\n                                        <div class=\"aux-arrow-post-link aux-hover-circle-link\">\n                                            <a href=\"https:\/\/fnv.org.ar\/mirarengrande\/portfolio\/equipo\/\">\n                                                <div class=\"aux-arrow-nav aux-round aux-hover-slide aux-outline aux-semi-small aux-white\">\n                                                    <span class=\"aux-overlay\"><\/span>\n                                                    <span class=\"aux-svg-arrow aux-medium-right aux-white\"><\/span>\n                                                    <span class=\"aux-hover-arrow aux-svg-arrow aux-medium-right aux-black\"><\/span>\n                                                <\/div>\n                                            <\/a>\n                                        <\/div>\n\n                                    <\/div>\n                                                                                                            <div class=\"entry-main\">\n\n                                                                        <header class=\"entry-header\">\n                                        <h3 class=\"entry-title aux-hover-move-up\">\n                                            <a href=\"https:\/\/fnv.org.ar\/mirarengrande\/portfolio\/equipo\/\">\n                                                Equipo de nataci\u00f3n                                            <\/a>\n                                        <\/h3>\n                                    <\/header>\n                                                                                                                                                <\/div>\n                                                                <\/div>\n                        <\/article>\n<\/div><div class=\"aux-iso-item aux-loading aux-col menciones\">                         <article class=\"aux-item-overlay aux-hover-active aux-hover-twoway  post-87 portfolio type-portfolio status-publish has-post-thumbnail hentry portfolio-cat-concurso-2019 portfolio-tag-mirar-en-grande portfolio-filter-menciones\" >\n                                <div class=\"entry-media aux-frame-darken aux-frame-zoom \">\n                                    <div class=\"aux-media-frame aux-media-image\"><a href=\"https:\/\/fnv.org.ar\/mirarengrande\/portfolio\/callejera\/\"><img width=\"400\" class=\"aux-attachment aux-featured-image attachment-400x aux-attachment-id-736 \" alt=\"Foto callejera | Claudia  Ya\u00f1ez | Menci\u00f3n de honor\" data-original-w=\"720\" sizes=\"auto\" data-srcset=\"https:\/\/fnv.org.ar\/mirarengrande\/wp-content\/uploads\/2020\/10\/callejera-100x150.jpg 150w,https:\/\/fnv.org.ar\/mirarengrande\/wp-content\/uploads\/2020\/10\/callejera-200x300.jpg 300w,https:\/\/fnv.org.ar\/mirarengrande\/wp-content\/uploads\/2020\/10\/callejera-400x600.jpg 400w,https:\/\/fnv.org.ar\/mirarengrande\/wp-content\/uploads\/2020\/10\/callejera.jpg 720w\" data-src=\"https:\/\/fnv.org.ar\/mirarengrande\/wp-content\/uploads\/2020\/10\/callejera-400x600.jpg\" \/><\/a><\/div>                                <\/div>\n\n                                <div class=\"aux-overlay-content\">\n                                                                        <div class=\"aux-portfolio-overlay-buttons\">\n                                        <div class=\"aux-hover-circle-plus aux-delay-2x\">\n                                            <a href=\"https:\/\/fnv.org.ar\/mirarengrande\/wp-content\/uploads\/2020\/10\/callejera.jpg\" data-elementor-open-lightbox = \"no\" data-original-width = \"720\" data-original-height = \"1080\" data-caption = \"Foto callejera | Claudia  Ya\u00f1ez | Menci\u00f3n de honor\" class=\"aux-lightbox-btn \" >\n                                                <div class=\"aux-arrow-nav aux-round aux-hover-slide aux-outline aux-semi-small aux-white\">\n                                                    <span class=\"aux-overlay\"><\/span>\n                                                    <span class=\"aux-svg-arrow aux-medium-plus aux-white\"><\/span>\n                                                    <span class=\"aux-hover-arrow aux-svg-arrow aux-medium-plus aux-black\"><\/span>\n                                                <\/div>\n                                            <\/a>\n                                        <\/div>\n                                        <div class=\"aux-arrow-post-link aux-hover-circle-link\">\n                                            <a href=\"https:\/\/fnv.org.ar\/mirarengrande\/portfolio\/callejera\/\">\n                                                <div class=\"aux-arrow-nav aux-round aux-hover-slide aux-outline aux-semi-small aux-white\">\n                                                    <span class=\"aux-overlay\"><\/span>\n                                                    <span class=\"aux-svg-arrow aux-medium-right aux-white\"><\/span>\n                                                    <span class=\"aux-hover-arrow aux-svg-arrow aux-medium-right aux-black\"><\/span>\n                                                <\/div>\n                                            <\/a>\n                                        <\/div>\n\n                                    <\/div>\n                                                                                                            <div class=\"entry-main\">\n\n                                                                        <header class=\"entry-header\">\n                                        <h3 class=\"entry-title aux-hover-move-up\">\n                                            <a href=\"https:\/\/fnv.org.ar\/mirarengrande\/portfolio\/callejera\/\">\n                                                Foto callejera                                            <\/a>\n                                        <\/h3>\n                                    <\/header>\n                                                                                                                                                <\/div>\n                                                                <\/div>\n                        <\/article>\n<\/div><div class=\"aux-iso-item aux-loading aux-col menciones\">                         <article class=\"aux-item-overlay aux-hover-active aux-hover-twoway  post-86 portfolio type-portfolio status-publish has-post-thumbnail hentry portfolio-cat-concurso-2019 portfolio-tag-mirar-en-grande portfolio-filter-menciones\" >\n                                <div class=\"entry-media aux-frame-darken aux-frame-zoom \">\n                                    <div class=\"aux-media-frame aux-media-image\"><a href=\"https:\/\/fnv.org.ar\/mirarengrande\/portfolio\/las_manos\/\"><img width=\"400\" class=\"aux-attachment aux-featured-image attachment-400x aux-attachment-id-739 \" alt=\"Las manos de Cayetana | Daniel Aramayo | Menci\u00f3n de honor\" data-original-w=\"720\" sizes=\"auto\" data-srcset=\"https:\/\/fnv.org.ar\/mirarengrande\/wp-content\/uploads\/2020\/10\/las-manos-de-cayetana-1-150x113.jpg 150w,https:\/\/fnv.org.ar\/mirarengrande\/wp-content\/uploads\/2020\/10\/las-manos-de-cayetana-1-300x225.jpg 300w,https:\/\/fnv.org.ar\/mirarengrande\/wp-content\/uploads\/2020\/10\/las-manos-de-cayetana-1-400x300.jpg 400w,https:\/\/fnv.org.ar\/mirarengrande\/wp-content\/uploads\/2020\/10\/las-manos-de-cayetana-1.jpg 720w\" data-src=\"https:\/\/fnv.org.ar\/mirarengrande\/wp-content\/uploads\/2020\/10\/las-manos-de-cayetana-1-400x300.jpg\" \/><\/a><\/div>                                <\/div>\n\n                                <div class=\"aux-overlay-content\">\n                                                                        <div class=\"aux-portfolio-overlay-buttons\">\n                                        <div class=\"aux-hover-circle-plus aux-delay-2x\">\n                                            <a href=\"https:\/\/fnv.org.ar\/mirarengrande\/wp-content\/uploads\/2020\/10\/las-manos-de-cayetana-1.jpg\" data-elementor-open-lightbox = \"no\" data-original-width = \"720\" data-original-height = \"540\" data-caption = \"Las manos de Cayetana | Daniel Aramayo | Menci\u00f3n de honor\" class=\"aux-lightbox-btn \" >\n                                                <div class=\"aux-arrow-nav aux-round aux-hover-slide aux-outline aux-semi-small aux-white\">\n                                                    <span class=\"aux-overlay\"><\/span>\n                                                    <span class=\"aux-svg-arrow aux-medium-plus aux-white\"><\/span>\n                                                    <span class=\"aux-hover-arrow aux-svg-arrow aux-medium-plus aux-black\"><\/span>\n                                                <\/div>\n                                            <\/a>\n                                        <\/div>\n                                        <div class=\"aux-arrow-post-link aux-hover-circle-link\">\n                                            <a href=\"https:\/\/fnv.org.ar\/mirarengrande\/portfolio\/las_manos\/\">\n                                                <div class=\"aux-arrow-nav aux-round aux-hover-slide aux-outline aux-semi-small aux-white\">\n                                                    <span class=\"aux-overlay\"><\/span>\n                                                    <span class=\"aux-svg-arrow aux-medium-right aux-white\"><\/span>\n                                                    <span class=\"aux-hover-arrow aux-svg-arrow aux-medium-right aux-black\"><\/span>\n                                                <\/div>\n                                            <\/a>\n                                        <\/div>\n\n                                    <\/div>\n                                                                                                            <div class=\"entry-main\">\n\n                                                                        <header class=\"entry-header\">\n                                        <h3 class=\"entry-title aux-hover-move-up\">\n                                            <a href=\"https:\/\/fnv.org.ar\/mirarengrande\/portfolio\/las_manos\/\">\n                                                Las manos de Cayetana                                            <\/a>\n                                        <\/h3>\n                                    <\/header>\n                                                                                                                                                <\/div>\n                                                                <\/div>\n                        <\/article>\n<\/div><div class=\"aux-iso-item aux-loading aux-col menciones\">                         <article class=\"aux-item-overlay aux-hover-active aux-hover-twoway  post-85 portfolio type-portfolio status-publish has-post-thumbnail hentry portfolio-cat-concurso-2019 portfolio-tag-mirar-en-grande portfolio-filter-menciones\" >\n                                <div class=\"entry-media aux-frame-darken aux-frame-zoom \">\n                                    <div class=\"aux-media-frame aux-media-image\"><a href=\"https:\/\/fnv.org.ar\/mirarengrande\/portfolio\/medanos_verdes\/\"><img width=\"400\" class=\"aux-attachment aux-featured-image attachment-400x aux-attachment-id-738 \" alt=\"M\u00e9danos Verdes  | Dolores  Ganuza (La Pampa) | Menci\u00f3n de honor\" data-original-w=\"720\" sizes=\"auto\" data-srcset=\"https:\/\/fnv.org.ar\/mirarengrande\/wp-content\/uploads\/2020\/10\/medanos_verdes-1-150x100.jpg 150w,https:\/\/fnv.org.ar\/mirarengrande\/wp-content\/uploads\/2020\/10\/medanos_verdes-1-300x200.jpg 300w,https:\/\/fnv.org.ar\/mirarengrande\/wp-content\/uploads\/2020\/10\/medanos_verdes-1-400x267.jpg 400w,https:\/\/fnv.org.ar\/mirarengrande\/wp-content\/uploads\/2020\/10\/medanos_verdes-1.jpg 720w\" data-src=\"https:\/\/fnv.org.ar\/mirarengrande\/wp-content\/uploads\/2020\/10\/medanos_verdes-1-400x267.jpg\" \/><\/a><\/div>                                <\/div>\n\n                                <div class=\"aux-overlay-content\">\n                                                                        <div class=\"aux-portfolio-overlay-buttons\">\n                                        <div class=\"aux-hover-circle-plus aux-delay-2x\">\n                                            <a href=\"https:\/\/fnv.org.ar\/mirarengrande\/wp-content\/uploads\/2020\/10\/medanos_verdes-1.jpg\" data-elementor-open-lightbox = \"no\" data-original-width = \"720\" data-original-height = \"480\" data-caption = \"M\u00e9danos Verdes  | Dolores  Ganuza (La Pampa) | Menci\u00f3n de honor\" class=\"aux-lightbox-btn \" >\n                                                <div class=\"aux-arrow-nav aux-round aux-hover-slide aux-outline aux-semi-small aux-white\">\n                                                    <span class=\"aux-overlay\"><\/span>\n                                                    <span class=\"aux-svg-arrow aux-medium-plus aux-white\"><\/span>\n                                                    <span class=\"aux-hover-arrow aux-svg-arrow aux-medium-plus aux-black\"><\/span>\n                                                <\/div>\n                                            <\/a>\n                                        <\/div>\n                                        <div class=\"aux-arrow-post-link aux-hover-circle-link\">\n                                            <a href=\"https:\/\/fnv.org.ar\/mirarengrande\/portfolio\/medanos_verdes\/\">\n                                                <div class=\"aux-arrow-nav aux-round aux-hover-slide aux-outline aux-semi-small aux-white\">\n                                                    <span class=\"aux-overlay\"><\/span>\n                                                    <span class=\"aux-svg-arrow aux-medium-right aux-white\"><\/span>\n                                                    <span class=\"aux-hover-arrow aux-svg-arrow aux-medium-right aux-black\"><\/span>\n                                                <\/div>\n                                            <\/a>\n                                        <\/div>\n\n                                    <\/div>\n                                                                                                            <div class=\"entry-main\">\n\n                                                                        <header class=\"entry-header\">\n                                        <h3 class=\"entry-title aux-hover-move-up\">\n                                            <a href=\"https:\/\/fnv.org.ar\/mirarengrande\/portfolio\/medanos_verdes\/\">\n                                                M\u00e9danos Verdes                                            <\/a>\n                                        <\/h3>\n                                    <\/header>\n                                                                                                                                                <\/div>\n                                                                <\/div>\n                        <\/article>\n<\/div><div class=\"aux-iso-item aux-loading aux-col menciones\">                         <article class=\"aux-item-overlay aux-hover-active aux-hover-twoway  post-84 portfolio type-portfolio status-publish has-post-thumbnail hentry portfolio-cat-concurso-2019 portfolio-tag-mirar-en-grande portfolio-filter-menciones\" >\n                                <div class=\"entry-media aux-frame-darken aux-frame-zoom \">\n                                    <div class=\"aux-media-frame aux-media-image\"><a href=\"https:\/\/fnv.org.ar\/mirarengrande\/portfolio\/teniamos\/\"><img width=\"400\" class=\"aux-attachment aux-featured-image attachment-400x aux-attachment-id-737 \" alt=\"Ten\u00edamos 30 a\u00f1os\u2026 | Antonio Villacian | Menci\u00f3n de honor\" data-original-w=\"720\" sizes=\"auto\" data-srcset=\"https:\/\/fnv.org.ar\/mirarengrande\/wp-content\/uploads\/2020\/10\/teniamos_30_anos-1-150x104.jpg 150w,https:\/\/fnv.org.ar\/mirarengrande\/wp-content\/uploads\/2020\/10\/teniamos_30_anos-1-300x208.jpg 300w,https:\/\/fnv.org.ar\/mirarengrande\/wp-content\/uploads\/2020\/10\/teniamos_30_anos-1-400x277.jpg 400w,https:\/\/fnv.org.ar\/mirarengrande\/wp-content\/uploads\/2020\/10\/teniamos_30_anos-1.jpg 720w\" data-src=\"https:\/\/fnv.org.ar\/mirarengrande\/wp-content\/uploads\/2020\/10\/teniamos_30_anos-1-400x277.jpg\" \/><\/a><\/div>                                <\/div>\n\n                                <div class=\"aux-overlay-content\">\n                                                                        <div class=\"aux-portfolio-overlay-buttons\">\n                                        <div class=\"aux-hover-circle-plus aux-delay-2x\">\n                                            <a href=\"https:\/\/fnv.org.ar\/mirarengrande\/wp-content\/uploads\/2020\/10\/teniamos_30_anos-1.jpg\" data-elementor-open-lightbox = \"no\" data-original-width = \"720\" data-original-height = \"498\" data-caption = \"Ten\u00edamos 30 a\u00f1os\u2026 | Antonio Villacian | Menci\u00f3n de honor\" class=\"aux-lightbox-btn \" >\n                                                <div class=\"aux-arrow-nav aux-round aux-hover-slide aux-outline aux-semi-small aux-white\">\n                                                    <span class=\"aux-overlay\"><\/span>\n                                                    <span class=\"aux-svg-arrow aux-medium-plus aux-white\"><\/span>\n                                                    <span class=\"aux-hover-arrow aux-svg-arrow aux-medium-plus aux-black\"><\/span>\n                                                <\/div>\n                                            <\/a>\n                                        <\/div>\n                                        <div class=\"aux-arrow-post-link aux-hover-circle-link\">\n                                            <a href=\"https:\/\/fnv.org.ar\/mirarengrande\/portfolio\/teniamos\/\">\n                                                <div class=\"aux-arrow-nav aux-round aux-hover-slide aux-outline aux-semi-small aux-white\">\n                                                    <span class=\"aux-overlay\"><\/span>\n                                                    <span class=\"aux-svg-arrow aux-medium-right aux-white\"><\/span>\n                                                    <span class=\"aux-hover-arrow aux-svg-arrow aux-medium-right aux-black\"><\/span>\n                                                <\/div>\n                                            <\/a>\n                                        <\/div>\n\n                                    <\/div>\n                                                                                                            <div class=\"entry-main\">\n\n                                                                        <header class=\"entry-header\">\n                                        <h3 class=\"entry-title aux-hover-move-up\">\n                                            <a href=\"https:\/\/fnv.org.ar\/mirarengrande\/portfolio\/teniamos\/\">\n                                                Ten\u00edamos 30 a\u00f1os&#8230;                                            <\/a>\n                                        <\/h3>\n                                    <\/header>\n                                                                                                                                                <\/div>\n                                                                <\/div>\n                        <\/article>\n<\/div><\/div><script type=\"text\/javascript\">var auff3b6672AjaxConfig = {\"title\":\"\",\"cat\":[],\"num\":16,\"only_posts__in\":\"\",\"include\":\"\",\"exclude\":\"\",\"posts_per_page\":-1,\"offset\":\"\",\"order_by\":\"date\",\"order\":\"ASC\",\"exclude_without_media\":\"yes\",\"display_like\":\"no\",\"deeplink\":\"no\",\"use_ajax\":\"no\",\"deeplink_slug\":null,\"show_filters\":\"yes\",\"filter_by\":\"portfolio-filter\",\"filter_style\":\"aux-slideup\",\"filter_align\":\"aux-center\",\"reveal_transition_duration\":\"600\",\"reveal_between_delay\":\"60\",\"hide_transition_duration\":\"600\",\"hide_between_delay\":\"30\",\"item_style\":\"overlay-lightbox\",\"tile_style_pattern\":\"default\",\"tiles_item_style\":\"overlay\",\"entry_background_color\":\"\",\"entry_border_color\":\"\",\"paginate\":\"\",\"perpage\":null,\"crop\":true,\"display_title\":\"yes\",\"show_info\":\"\",\"display_read_more\":false,\"image_aspect_ratio\":0.75,\"space\":0,\"desktop_cnum\":\"3\",\"tablet_cnum\":\"inherit\",\"phone_cnum\":\"1\",\"layout\":\"masonry\",\"tag\":\"\",\"filter\":\"\",\"extra_classes\":\"\",\"extra_column_classes\":\"\",\"custom_el_id\":\"\",\"template_part_file\":\"recent-portfolio\",\"extra_template_path\":\"\\\/home\\\/c1521371\\\/public_html\\\/mirarengrande\\\/wp-content\\\/plugins\\\/auxin-portfolio\\\/public\\\/templates\\\/elements\",\"universal_id\":\"auff3b6672\",\"query_args\":[],\"term\":\"\",\"reset_query\":true,\"use_wp_query\":false,\"wp_query_args\":[],\"custom_wp_query\":\"\",\"loadmore_type\":\"\",\"loadmore_label\":\"text\",\"loadmore_per_page\":16,\"term_field\":\"slug\",\"base\":\"aux_recent_portfolios_grid\",\"base_class\":\"aux-widget-recent-portfolios\",\"paged\":\"\",\"override_global_query\":false,\"content\":null,\"skip_wrappers\":false,\"content_width\":1200,\"inview_transition\":\"none\",\"inview_duration\":\"\",\"inview_delay\":\"\",\"inview_repeat\":\"no\",\"inview_offset\":\"\",\"called_from\":\"elementor\"};<\/script><\/section><!-- widget-container -->\t\t\t\t<\/div>\n\t\t\t\t<\/div>\n\t\t\t\t<div class=\"elementor-element elementor-element-fc2cc4c elementor-widget elementor-widget-spacer\" data-id=\"fc2cc4c\" data-element_type=\"widget\" data-e-type=\"widget\" data-widget_type=\"spacer.default\">\n\t\t\t\t<div class=\"elementor-widget-container\">\n\t\t\t\t\t\t\t<div class=\"elementor-spacer\">\n\t\t\t<div class=\"elementor-spacer-inner\"><\/div>\n\t\t<\/div>\n\t\t\t\t\t\t<\/div>\n\t\t\t\t<\/div>\n\t\t\t\t<div class=\"elementor-element elementor-element-7d927a0 elementor-widget-divider--separator-type-pattern elementor-widget-divider--view-line elementor-widget elementor-widget-divider\" data-id=\"7d927a0\" data-element_type=\"widget\" data-e-type=\"widget\" data-widget_type=\"divider.default\">\n\t\t\t\t<div class=\"elementor-widget-container\">\n\t\t\t\t\t\t\t<div class=\"elementor-divider\" style=\"--divider-pattern-url: url(&quot;data:image\/svg+xml,%3Csvg xmlns=&#039;http:\/\/www.w3.org\/2000\/svg&#039; preserveAspectRatio=&#039;none&#039; overflow=&#039;visible&#039; height=&#039;100%&#039; viewBox=&#039;0 0 20 16&#039; fill=&#039;none&#039; stroke=&#039;black&#039; stroke-width=&#039;1&#039; stroke-linecap=&#039;square&#039; stroke-miterlimit=&#039;10&#039;%3E%3Cg transform=&#039;translate(-12.000000, 0)&#039;%3E%3Cpath d=&#039;M28,0L10,18&#039;\/%3E%3Cpath d=&#039;M18,0L0,18&#039;\/%3E%3Cpath d=&#039;M48,0L30,18&#039;\/%3E%3Cpath d=&#039;M38,0L20,18&#039;\/%3E%3C\/g%3E%3C\/svg%3E&quot;);\">\n\t\t\t<span class=\"elementor-divider-separator\">\n\t\t\t\t\t\t<\/span>\n\t\t<\/div>\n\t\t\t\t\t\t<\/div>\n\t\t\t\t<\/div>\n\t\t\t\t\t<\/div>\n\t\t<\/div>\n\t\t\t\t\t<\/div>\n\t\t<\/section>\n\t\t\t\t<section class=\"elementor-section elementor-top-section elementor-element elementor-element-38c4f3c9 elementor-section-full_width aux-appear-watch-animation aux-fade-in-up-1 elementor-section-height-default elementor-section-height-default\" data-id=\"38c4f3c9\" data-element_type=\"section\" data-e-type=\"section\">\n\t\t\t\t\t\t<div class=\"elementor-container elementor-column-gap-default\">\n\t\t\t\t\t<div class=\"aux-parallax-section elementor-column elementor-col-100 elementor-top-column elementor-element elementor-element-50689c7b\" data-id=\"50689c7b\" data-element_type=\"column\" data-e-type=\"column\">\n\t\t\t<div class=\"elementor-widget-wrap\">\n\t\t\t\t\t\t\t<\/div>\n\t\t<\/div>\n\t\t\t\t\t<\/div>\n\t\t<\/section>\n\t\t\t\t<section class=\"elementor-section elementor-top-section elementor-element elementor-element-747db8f4 elementor-section-full_width elementor-section-stretched elementor-section-height-default elementor-section-height-default\" data-id=\"747db8f4\" data-element_type=\"section\" data-e-type=\"section\" data-settings=\"{&quot;background_background&quot;:&quot;classic&quot;,&quot;stretch_section&quot;:&quot;section-stretched&quot;}\">\n\t\t\t\t\t\t<div class=\"elementor-container elementor-column-gap-default\">\n\t\t\t\t\t<div class=\"aux-parallax-section elementor-column elementor-col-100 elementor-top-column elementor-element elementor-element-4be558e5\" data-id=\"4be558e5\" data-element_type=\"column\" data-e-type=\"column\">\n\t\t\t<div class=\"elementor-widget-wrap elementor-element-populated\">\n\t\t\t\t\t\t<div class=\"elementor-element elementor-element-d9ace09 aux-appear-watch-animation aux-fade-in-down elementor-widget elementor-widget-aux_modern_heading\" data-id=\"d9ace09\" data-element_type=\"widget\" data-e-type=\"widget\" data-widget_type=\"aux_modern_heading.default\">\n\t\t\t\t<div class=\"elementor-widget-container\">\n\t\t\t\t\t<section class=\"aux-widget-modern-heading\">\n            <div class=\"aux-widget-inner\"><h2 class=\"aux-modern-heading-primary\">Concurso fotogr\u00e1fico 2019<\/h2><div class=\"aux-modern-heading-divider\"><\/div><\/div>\n        <\/section>\t\t\t\t<\/div>\n\t\t\t\t<\/div>\n\t\t\t\t<div class=\"elementor-element elementor-element-5204598a aux-appear-watch-animation aux-fade-in elementor-widget elementor-widget-text-editor\" data-id=\"5204598a\" data-element_type=\"widget\" data-e-type=\"widget\" data-widget_type=\"text-editor.default\">\n\t\t\t\t<div class=\"elementor-widget-container\">\n\t\t\t\t\t\t\t\t\t<h4><span style=\"font-weight: 400;\">Nos propusimos romper con los estereotipos colectivos que asocian a la vejez con la enfermedad y la incapacidad, para mostrar c\u00f3mo viven las personas mayores, su fortaleza, sus actividades en comunidad y c\u00f3mo disfrutan de la vida. Y nos encontramos con im\u00e1genes muy potentes que muestran los cuerpos mayores, as\u00ed como el v\u00ednculo intergeneracional y el encuentro con los otros.<\/span><\/h4>\t\t\t\t\t\t\t\t<\/div>\n\t\t\t\t<\/div>\n\t\t\t\t<section class=\"elementor-section elementor-inner-section elementor-element elementor-element-77ebbc3e elementor-section-boxed elementor-section-height-default elementor-section-height-default\" data-id=\"77ebbc3e\" data-element_type=\"section\" data-e-type=\"section\">\n\t\t\t\t\t\t<div class=\"elementor-container elementor-column-gap-default\">\n\t\t\t\t\t<div class=\"aux-parallax-section elementor-column elementor-col-33 elementor-inner-column elementor-element elementor-element-77ab3e58\" data-id=\"77ab3e58\" data-element_type=\"column\" data-e-type=\"column\">\n\t\t\t<div class=\"elementor-widget-wrap elementor-element-populated\">\n\t\t\t\t\t\t<div class=\"elementor-element elementor-element-75647ee6 aux-appear-watch-animation aux-fade-in-up elementor-widget elementor-widget-counter\" data-id=\"75647ee6\" data-element_type=\"widget\" data-e-type=\"widget\" data-widget_type=\"counter.default\">\n\t\t\t\t<div class=\"elementor-widget-container\">\n\t\t\t\t\t\t\t<div class=\"elementor-counter\">\n\t\t\t<div class=\"elementor-counter-title\">Im\u00e1genes recibidas<\/div>\t\t\t<div class=\"elementor-counter-number-wrapper\">\n\t\t\t\t<span class=\"elementor-counter-number-prefix\"><\/span>\n\t\t\t\t<span class=\"elementor-counter-number\" data-duration=\"2000\" data-to-value=\"1.387\" data-from-value=\"0\" data-delimiter=\",\">0<\/span>\n\t\t\t\t<span class=\"elementor-counter-number-suffix\"><\/span>\n\t\t\t<\/div>\n\t\t<\/div>\n\t\t\t\t\t\t<\/div>\n\t\t\t\t<\/div>\n\t\t\t\t\t<\/div>\n\t\t<\/div>\n\t\t\t\t<div class=\"aux-parallax-section elementor-column elementor-col-33 elementor-inner-column elementor-element elementor-element-3fa250d3\" data-id=\"3fa250d3\" data-element_type=\"column\" data-e-type=\"column\">\n\t\t\t<div class=\"elementor-widget-wrap elementor-element-populated\">\n\t\t\t\t\t\t<div class=\"elementor-element elementor-element-7391a793 aux-appear-watch-animation aux-fade-in-up elementor-widget elementor-widget-counter\" data-id=\"7391a793\" data-element_type=\"widget\" data-e-type=\"widget\" data-widget_type=\"counter.default\">\n\t\t\t\t<div class=\"elementor-widget-container\">\n\t\t\t\t\t\t\t<div class=\"elementor-counter\">\n\t\t\t<div class=\"elementor-counter-title\">personas que participaron en todo el pa\u00eds<\/div>\t\t\t<div class=\"elementor-counter-number-wrapper\">\n\t\t\t\t<span class=\"elementor-counter-number-prefix\"><\/span>\n\t\t\t\t<span class=\"elementor-counter-number\" data-duration=\"2000\" data-to-value=\"571\" data-from-value=\"0\" data-delimiter=\".\">0<\/span>\n\t\t\t\t<span class=\"elementor-counter-number-suffix\"><\/span>\n\t\t\t<\/div>\n\t\t<\/div>\n\t\t\t\t\t\t<\/div>\n\t\t\t\t<\/div>\n\t\t\t\t\t<\/div>\n\t\t<\/div>\n\t\t\t\t<div class=\"aux-parallax-section elementor-column elementor-col-33 elementor-inner-column elementor-element elementor-element-7ba33a45\" data-id=\"7ba33a45\" data-element_type=\"column\" data-e-type=\"column\">\n\t\t\t<div class=\"elementor-widget-wrap elementor-element-populated\">\n\t\t\t\t\t\t<div class=\"elementor-element elementor-element-37170ab9 aux-appear-watch-animation aux-fade-in-up elementor-widget elementor-widget-counter\" data-id=\"37170ab9\" data-element_type=\"widget\" data-e-type=\"widget\" data-widget_type=\"counter.default\">\n\t\t\t\t<div class=\"elementor-widget-container\">\n\t\t\t\t\t\t\t<div class=\"elementor-counter\">\n\t\t\t<div class=\"elementor-counter-title\">im\u00e1genes ganadoras seleccionadas<\/div>\t\t\t<div class=\"elementor-counter-number-wrapper\">\n\t\t\t\t<span class=\"elementor-counter-number-prefix\"><\/span>\n\t\t\t\t<span class=\"elementor-counter-number\" data-duration=\"2000\" data-to-value=\"16\" data-from-value=\"0\" data-delimiter=\",\">0<\/span>\n\t\t\t\t<span class=\"elementor-counter-number-suffix\"><\/span>\n\t\t\t<\/div>\n\t\t<\/div>\n\t\t\t\t\t\t<\/div>\n\t\t\t\t<\/div>\n\t\t\t\t\t<\/div>\n\t\t<\/div>\n\t\t\t\t\t<\/div>\n\t\t<\/section>\n\t\t\t\t\t<\/div>\n\t\t<\/div>\n\t\t\t\t\t<\/div>\n\t\t<\/section>\n\t\t\t\t<section class=\"elementor-section elementor-top-section elementor-element elementor-element-7b9bf1d elementor-section-boxed elementor-section-height-default elementor-section-height-default\" data-id=\"7b9bf1d\" data-element_type=\"section\" data-e-type=\"section\" id=\"jurado\">\n\t\t\t\t\t\t<div class=\"elementor-container elementor-column-gap-default\">\n\t\t\t\t\t<div class=\"aux-parallax-section elementor-column elementor-col-100 elementor-top-column elementor-element elementor-element-5c7f3d9\" data-id=\"5c7f3d9\" data-element_type=\"column\" data-e-type=\"column\">\n\t\t\t<div class=\"elementor-widget-wrap elementor-element-populated\">\n\t\t\t\t\t\t<div class=\"elementor-element elementor-element-c81040c elementor-widget elementor-widget-aux_modern_heading\" data-id=\"c81040c\" data-element_type=\"widget\" data-e-type=\"widget\" data-widget_type=\"aux_modern_heading.default\">\n\t\t\t\t<div class=\"elementor-widget-container\">\n\t\t\t\t\t<section class=\"aux-widget-modern-heading\">\n            <div class=\"aux-widget-inner\"><h3 class=\"aux-modern-heading-primary\">Conoc\u00e9 qui\u00e9nes fueron los jurados<\/h3><div class=\"aux-modern-heading-divider\"><\/div><\/div>\n        <\/section>\t\t\t\t<\/div>\n\t\t\t\t<\/div>\n\t\t\t\t<div class=\"elementor-element elementor-element-59a82ea6 elementor-widget elementor-widget-text-editor\" data-id=\"59a82ea6\" data-element_type=\"widget\" data-e-type=\"widget\" data-widget_type=\"text-editor.default\">\n\t\t\t\t<div class=\"elementor-widget-container\">\n\t\t\t\t\t\t\t\t\t<p><span style=\"font-weight: 400;\">Para analizar todas las fotograf\u00edas que recibimos y elegir a las m\u00e1s destacadas desde lo art\u00edstico, la perspectiva que muestran, su lenguaje, profundidad y c\u00f3mo nos ayudan a mostrar la variedad de vejeces que existen, convocamos a un jurado de especialistas.<\/span><\/p>\t\t\t\t\t\t\t\t<\/div>\n\t\t\t\t<\/div>\n\t\t\t\t\t<\/div>\n\t\t<\/div>\n\t\t\t\t\t<\/div>\n\t\t<\/section>\n\t\t\t\t<section class=\"elementor-section elementor-top-section elementor-element elementor-element-363ebd3d elementor-section-boxed elementor-section-height-default elementor-section-height-default\" data-id=\"363ebd3d\" data-element_type=\"section\" data-e-type=\"section\">\n\t\t\t\t\t\t<div class=\"elementor-container elementor-column-gap-default\">\n\t\t\t\t\t<div class=\"aux-parallax-section elementor-column elementor-col-20 elementor-top-column elementor-element elementor-element-26537bc0\" data-id=\"26537bc0\" data-element_type=\"column\" data-e-type=\"column\">\n\t\t\t<div class=\"elementor-widget-wrap elementor-element-populated\">\n\t\t\t\t\t\t<div class=\"elementor-element elementor-element-c234d2b elementor-widget elementor-widget-aux_staff\" data-id=\"c234d2b\" data-element_type=\"widget\" data-e-type=\"widget\" data-widget_type=\"aux_staff.default\">\n\t\t\t\t<div class=\"elementor-widget-container\">\n\t\t\t\t\t<section class=\"aux-wrap-style-simple widget-container aux-widget-staff aux-parent-au785efce2\">    <div class=\"aux-staff-container aux-staff-pos-top aux-staff-text-center aux-staff-text-dark \" >\n            <div class=\"aux-staff-header aux-staff-img-circle\">\n            <div class=\"aux-media-image\"><img decoding=\"async\" width=\"242\" height=\"247\" src=\"https:\/\/fnv.org.ar\/mirarengrande\/wp-content\/uploads\/2020\/10\/Gaby-Messina-1.jpg\" alt=\"Gaby Messina\" data-ratio=\"0.98\" data-original-w=\"242\" \/><\/div>        <\/div>\n            <div class=\"aux-staff-content\">\n                        <h4 class=\"col-title\">Gaby Messina<\/h4>\n                        <h5 class=\"col-subtitle\">Artista visual y fot\u00f3grafa<\/h5>\n                    <\/div>\n\n    <\/div>\n\n\n<\/section><!-- widget-container -->\t\t\t\t<\/div>\n\t\t\t\t<\/div>\n\t\t\t\t\t<\/div>\n\t\t<\/div>\n\t\t\t\t<div class=\"aux-parallax-section elementor-column elementor-col-20 elementor-top-column elementor-element elementor-element-331adcc5\" data-id=\"331adcc5\" data-element_type=\"column\" data-e-type=\"column\">\n\t\t\t<div class=\"elementor-widget-wrap elementor-element-populated\">\n\t\t\t\t\t\t<div class=\"elementor-element elementor-element-226d7f2a elementor-widget elementor-widget-aux_staff\" data-id=\"226d7f2a\" data-element_type=\"widget\" data-e-type=\"widget\" data-widget_type=\"aux_staff.default\">\n\t\t\t\t<div class=\"elementor-widget-container\">\n\t\t\t\t\t<section class=\"aux-wrap-style-simple widget-container aux-widget-staff aux-parent-au8d93fae0\">    <div class=\"aux-staff-container aux-staff-pos-top aux-staff-text-center aux-staff-text-dark \" >\n            <div class=\"aux-staff-header aux-staff-img-circle\">\n            <div class=\"aux-media-image\"><img decoding=\"async\" width=\"269\" height=\"269\" src=\"https:\/\/fnv.org.ar\/mirarengrande\/wp-content\/uploads\/2020\/10\/Juan-Travnik-1.jpg\" alt=\"Juan Travnik\" data-ratio=\"1\" data-original-w=\"269\" \/><\/div>        <\/div>\n            <div class=\"aux-staff-content\">\n                        <h4 class=\"col-title\">Juan Travnik<\/h4>\n                        <h5 class=\"col-subtitle\">Artista visual y fot\u00f3grafo<\/h5>\n                    <\/div>\n\n    <\/div>\n\n\n<\/section><!-- widget-container -->\t\t\t\t<\/div>\n\t\t\t\t<\/div>\n\t\t\t\t\t<\/div>\n\t\t<\/div>\n\t\t\t\t<div class=\"aux-parallax-section elementor-column elementor-col-20 elementor-top-column elementor-element elementor-element-3435e0a5\" data-id=\"3435e0a5\" data-element_type=\"column\" data-e-type=\"column\">\n\t\t\t<div class=\"elementor-widget-wrap elementor-element-populated\">\n\t\t\t\t\t\t<div class=\"elementor-element elementor-element-75835cbe elementor-widget elementor-widget-aux_staff\" data-id=\"75835cbe\" data-element_type=\"widget\" data-e-type=\"widget\" data-widget_type=\"aux_staff.default\">\n\t\t\t\t<div class=\"elementor-widget-container\">\n\t\t\t\t\t<section class=\"aux-wrap-style-simple widget-container aux-widget-staff aux-parent-aua4be5d82\">    <div class=\"aux-staff-container aux-staff-pos-top aux-staff-text-center aux-staff-text-dark \" >\n            <div class=\"aux-staff-header aux-staff-img-circle\">\n            <div class=\"aux-media-image\"><img loading=\"lazy\" decoding=\"async\" width=\"205\" height=\"206\" src=\"https:\/\/fnv.org.ar\/mirarengrande\/wp-content\/uploads\/2020\/10\/Laura-Bosque-1.jpg\" alt=\"Laura Bosque\" data-ratio=\"1\" data-original-w=\"205\" \/><\/div>        <\/div>\n            <div class=\"aux-staff-content\">\n                        <h4 class=\"col-title\">Laura Bosque<\/h4>\n                        <h5 class=\"col-subtitle\">Licenciada en Psicolog\u00eda, especialista en gerontolog\u00eda<\/h5>\n                    <\/div>\n\n    <\/div>\n\n\n<\/section><!-- widget-container -->\t\t\t\t<\/div>\n\t\t\t\t<\/div>\n\t\t\t\t\t<\/div>\n\t\t<\/div>\n\t\t\t\t<div class=\"aux-parallax-section elementor-column elementor-col-20 elementor-top-column elementor-element elementor-element-1169fb8f\" data-id=\"1169fb8f\" data-element_type=\"column\" data-e-type=\"column\">\n\t\t\t<div class=\"elementor-widget-wrap elementor-element-populated\">\n\t\t\t\t\t\t<div class=\"elementor-element elementor-element-4d1d868c elementor-widget elementor-widget-aux_staff\" data-id=\"4d1d868c\" data-element_type=\"widget\" data-e-type=\"widget\" data-widget_type=\"aux_staff.default\">\n\t\t\t\t<div class=\"elementor-widget-container\">\n\t\t\t\t\t<section class=\"aux-wrap-style-simple widget-container aux-widget-staff aux-parent-au7f4fb80f\">    <div class=\"aux-staff-container aux-staff-pos-top aux-staff-text-center aux-staff-text-dark \" >\n            <div class=\"aux-staff-header aux-staff-img-circle\">\n            <div class=\"aux-media-image\"><img loading=\"lazy\" decoding=\"async\" width=\"247\" height=\"242\" src=\"https:\/\/fnv.org.ar\/mirarengrande\/wp-content\/uploads\/2020\/10\/Valeria-Traversa.jpg\" alt=\"Valeria Traversa\" data-ratio=\"1.02\" data-original-w=\"247\" \/><\/div>        <\/div>\n            <div class=\"aux-staff-content\">\n                        <h4 class=\"col-title\">Valeria Traversa<\/h4>\n                        <h5 class=\"col-subtitle\">Artista y educadora<\/h5>\n                    <\/div>\n\n    <\/div>\n\n\n<\/section><!-- widget-container -->\t\t\t\t<\/div>\n\t\t\t\t<\/div>\n\t\t\t\t\t<\/div>\n\t\t<\/div>\n\t\t\t\t<div class=\"aux-parallax-section elementor-column elementor-col-20 elementor-top-column elementor-element elementor-element-15f8c88f\" data-id=\"15f8c88f\" data-element_type=\"column\" data-e-type=\"column\">\n\t\t\t<div class=\"elementor-widget-wrap elementor-element-populated\">\n\t\t\t\t\t\t<div class=\"elementor-element elementor-element-c424869 elementor-widget elementor-widget-aux_staff\" data-id=\"c424869\" data-element_type=\"widget\" data-e-type=\"widget\" data-widget_type=\"aux_staff.default\">\n\t\t\t\t<div class=\"elementor-widget-container\">\n\t\t\t\t\t<section class=\"aux-wrap-style-simple widget-container aux-widget-staff aux-parent-au8998abf5\">    <div class=\"aux-staff-container aux-staff-pos-top aux-staff-text-center aux-staff-text-dark \" >\n            <div class=\"aux-staff-header aux-staff-img-circle\">\n            <div class=\"aux-media-image\"><img loading=\"lazy\" decoding=\"async\" width=\"247\" height=\"242\" src=\"https:\/\/fnv.org.ar\/mirarengrande\/wp-content\/uploads\/2020\/10\/Alejandro-Roggio.jpg\" alt=\"Alejandro Roggio\" data-ratio=\"1.02\" data-original-w=\"247\" \/><\/div>        <\/div>\n            <div class=\"aux-staff-content\">\n                        <h4 class=\"col-title\">Alejandro Roggio<\/h4>\n                        <h5 class=\"col-subtitle\">Miembro del Consejo de Administraci\u00f3n de FNV<\/h5>\n                    <\/div>\n\n    <\/div>\n\n\n<\/section><!-- widget-container -->\t\t\t\t<\/div>\n\t\t\t\t<\/div>\n\t\t\t\t\t<\/div>\n\t\t<\/div>\n\t\t\t\t\t<\/div>\n\t\t<\/section>\n\t\t\t\t<\/div>\n\t\t","protected":false},"excerpt":{"rendered":"<p>MIRAR EN GRANDE es una muestra que re\u00fane 16 fotograf\u00edas que permite reflexionan sobre la necesidad de identificar im\u00e1genes que contribuyan a enriquecer la mirada de las distintas vejeces de nuestro pa\u00eds, que contribuyan a ir m\u00e1s all\u00e1 de los estereotipos y en las cuales las personas mayores sean protagonistas. La exposici\u00f3n presencial se inaugur\u00f3 [&hellip;]<\/p>\n","protected":false},"author":3,"featured_media":0,"parent":0,"menu_order":0,"comment_status":"closed","ping_status":"closed","template":"","meta":{"footnotes":""},"class_list":["post-492","page","type-page","status-publish","hentry"],"_links":{"self":[{"href":"https:\/\/fnv.org.ar\/mirarengrande\/wp-json\/wp\/v2\/pages\/492","targetHints":{"allow":["GET"]}}],"collection":[{"href":"https:\/\/fnv.org.ar\/mirarengrande\/wp-json\/wp\/v2\/pages"}],"about":[{"href":"https:\/\/fnv.org.ar\/mirarengrande\/wp-json\/wp\/v2\/types\/page"}],"author":[{"embeddable":true,"href":"https:\/\/fnv.org.ar\/mirarengrande\/wp-json\/wp\/v2\/users\/3"}],"replies":[{"embeddable":true,"href":"https:\/\/fnv.org.ar\/mirarengrande\/wp-json\/wp\/v2\/comments?post=492"}],"version-history":[{"count":0,"href":"https:\/\/fnv.org.ar\/mirarengrande\/wp-json\/wp\/v2\/pages\/492\/revisions"}],"wp:attachment":[{"href":"https:\/\/fnv.org.ar\/mirarengrande\/wp-json\/wp\/v2\/media?parent=492"}],"curies":[{"name":"wp","href":"https:\/\/api.w.org\/{rel}","templated":true}]}}